{"id":1798,"date":"2022-01-12T06:55:00","date_gmt":"2022-01-12T05:55:00","guid":{"rendered":"https:\/\/pscsvh.com\/homepage\/"},"modified":"2023-04-22T10:32:15","modified_gmt":"2023-04-22T08:32:15","slug":"homepage","status":"publish","type":"page","link":"https:\/\/pscsvh.com\/ca\/","title":{"rendered":"Inici"},"content":{"rendered":"\n<div class=\"wp-block-citadela-blocks-custom-container citadela-block-custom-container size-wide bg-type-image inside-space-none bg-size-cover has-overlay\"><div class=\"bg-image-wrapper\" style=\"background-image:url(https:\/\/pscsvh.com\/wp-content\/uploads\/2023\/04\/DSCF4191-scaled.jpg);background-repeat:no-repeat;background-position:53% 30%\"><\/div><div class=\"bg-image-overlay\" style=\"opacity:0.5\"><\/div><div class=\"inner-holder\">\n<div style=\"height:40px\" aria-hidden=\"true\" class=\"wp-block-spacer\"><\/div>\n\n\n\n<div class=\"wp-block-citadela-blocks-spacer citadela-block-spacer responsive-options loading hide-in-responsive\" data-block-attr=\"{&quot;desktop&quot;:{&quot;height&quot;:&quot;7.5vw&quot;},&quot;mobile&quot;:{&quot;height&quot;:&quot;0vw&quot;}}\" data-block-mobile-breakpoint=\"600\"><div class=\"inner-holder\" style=\"padding-top:7.5vw\"><\/div><\/div>\n\n\n         <div \r\n            class=\"citadela-block-responsive-text weight-700 align-left responsive-options loading\"\r\n            data-block-mobile-attr=\"{&quot;desktop&quot;:{&quot;fontSize&quot;:&quot;50px&quot;},&quot;mobile&quot;:{&quot;fontSize&quot;:&quot;36px&quot;}}\"            data-block-mobile-breakpoint=\"768\"         >\r\n            <h1 class=\"inner-tag\" style=\"font-size: 50px; font-weight: 700; color: #f90435; font-style: italic;\"><em>SVH <\/em>es <br>transforma<br>per viure<\/h1>         <\/div>\r\n      \n\n\n<p><\/p>\n\n\n\n<div class=\"wp-block-citadela-blocks-spacer citadela-block-spacer responsive-options loading hide-in-responsive\" data-block-attr=\"{&quot;desktop&quot;:{&quot;height&quot;:&quot;1.2vw&quot;},&quot;mobile&quot;:{&quot;height&quot;:&quot;0vw&quot;}}\" data-block-mobile-breakpoint=\"600\"><div class=\"inner-holder\" style=\"padding-top:1.2vw\"><\/div><\/div>\n\n\n\n<div style=\"height:1px\" aria-hidden=\"true\" class=\"wp-block-spacer\"><\/div>\n\n\n\n<div class=\"wp-block-buttons is-layout-flex wp-block-buttons-is-layout-flex\">\n<div class=\"wp-block-button\"><a class=\"wp-block-button__link has-background wp-element-button\" href=\"https:\/\/pscsvh.com\/ca\/tescolto\/\" style=\"background-color:#e20a16\"><strong>Contacta !<\/strong><\/a><\/div>\n<\/div>\n\n\n\n<div style=\"height:80px\" aria-hidden=\"true\" class=\"wp-block-spacer\"><\/div>\n\n\n\n<div class=\"wp-block-citadela-blocks-spacer citadela-block-spacer responsive-options loading hide-in-responsive\" data-block-attr=\"{&quot;desktop&quot;:{&quot;height&quot;:&quot;5vw&quot;},&quot;mobile&quot;:{&quot;height&quot;:&quot;0vw&quot;}}\" data-block-mobile-breakpoint=\"600\"><div class=\"inner-holder\" style=\"padding-top:5vw\"><\/div><\/div>\n<\/div><\/div>\n\n\n\n<div style=\"height:30px\" aria-hidden=\"true\" class=\"wp-block-spacer\"><\/div>\n\n\n\n<div class=\"wp-block-citadela-blocks-spacer citadela-block-spacer responsive-options loading hide-in-responsive\" data-block-attr=\"{&quot;desktop&quot;:{&quot;height&quot;:&quot;40px&quot;},&quot;mobile&quot;:{&quot;height&quot;:&quot;0px&quot;}}\" data-block-mobile-breakpoint=\"600\"><div class=\"inner-holder\" style=\"padding-top:40px\"><\/div><\/div>\n\n\n\n<div class=\"wp-block-citadela-blocks-custom-container citadela-block-custom-container size-wide bg-type-none inside-space-none\"><div class=\"inner-holder\">\n<div class=\"wp-block-columns has-2-columns is-layout-flex wp-container-core-columns-is-layout-9d6595d7 wp-block-columns-is-layout-flex\">\n<div class=\"wp-block-column is-layout-flow wp-block-column-is-layout-flow\">\n<div class=\"wp-block-citadela-blocks-spacer citadela-block-spacer responsive-options loading hide-in-responsive\" data-block-attr=\"{\"desktop\":{\"height\":\"50px\"},\"mobile\":{\"height\":\"0px\"}}\" data-block-mobile-breakpoint=\"600\"><div class=\"inner-holder\" style=\"padding-top:50px\"><\/div><\/div>\n\n\n\n<h2 class=\"wp-block-heading\">Hola! Soc Miguel Comino i des del 2019 el teu alcalde.<\/h2>\n\n\n\n<p class=\"has-text-color has-medium-font-size\" style=\"color:#f90000\"><strong>Et proposo que Sant Vicen\u00e7 dels Horts sigui una ciutat que es transforma per viure<\/strong><\/p>\n\n\n\n<hr class=\"wp-block-separator has-css-opacity is-style-default\"\/>\n\n\n\n<div style=\"height:20px\" aria-hidden=\"true\" class=\"wp-block-spacer\"><\/div>\n\n\n\n<p class=\"has-text-align-left\">Volem que Sant Vicen\u00e7 dels Horts deixi de ser un poble dormitori i passi a ser una <strong>ciutat metropolitana, oberta, capdavantera, desacomplexada, que mira al futur amb optimisme i confian\u00e7a.<\/strong> Sant Vicen\u00e7 necessita un govern municipal que miri el municipi a la seva globalitat i posi les institucions <strong>al servei de les persones<\/strong> , governant per a tots i totes.<\/p>\n<\/div>\n\n\n\n<div class=\"wp-block-column is-layout-flow wp-block-column-is-layout-flow\">\n<div class=\"wp-block-citadela-blocks-spacer citadela-block-spacer\"><div class=\"inner-holder\" style=\"padding-top:1em\"><\/div><\/div>\n\n\n\n<figure class=\"wp-block-image size-large is-style-default\"><a href=\"https:\/\/pscsvh.com\/wp-content\/uploads\/2023\/04\/338889753_961550095013838_8797781347978849485_n.jpg\"><img loading=\"lazy\" decoding=\"async\" width=\"1024\" height=\"1024\" src=\"https:\/\/pscsvh.com\/wp-content\/uploads\/2023\/04\/338889753_961550095013838_8797781347978849485_n-1024x1024.jpg\" alt=\"\" class=\"wp-image-5555\" srcset=\"https:\/\/pscsvh.com\/wp-content\/uploads\/2023\/04\/338889753_961550095013838_8797781347978849485_n-1024x1024.jpg 1024w, https:\/\/pscsvh.com\/wp-content\/uploads\/2023\/04\/338889753_961550095013838_8797781347978849485_n-300x300.jpg 300w, https:\/\/pscsvh.com\/wp-content\/uploads\/2023\/04\/338889753_961550095013838_8797781347978849485_n-150x150.jpg 150w, https:\/\/pscsvh.com\/wp-content\/uploads\/2023\/04\/338889753_961550095013838_8797781347978849485_n-768x768.jpg 768w, https:\/\/pscsvh.com\/wp-content\/uploads\/2023\/04\/338889753_961550095013838_8797781347978849485_n.jpg 1080w\" sizes=\"auto, (max-width: 1024px) 100vw, 1024px\" \/><\/a><\/figure>\n<\/div>\n<\/div>\n\n\n\n<div style=\"height:40px\" aria-hidden=\"true\" class=\"wp-block-spacer\"><\/div>\n<\/div><\/div>\n\n\n\n<div class=\"wp-block-citadela-blocks-custom-container citadela-block-custom-container size-wide bg-type-image inside-space-none bg-size-cover has-overlay\"><div class=\"bg-image-wrapper\" style=\"background-image:url(https:\/\/pscsvh.com\/wp-content\/uploads\/2022\/04\/familia-1024x690-1.png);background-repeat:no-repeat;background-position:51% 64%\"><\/div><div class=\"bg-image-overlay\" style=\"background-color:#f4f2f2;opacity:0.8\"><\/div><div class=\"inner-holder\">\n<div style=\"height:50px\" aria-hidden=\"true\" class=\"wp-block-spacer\"><\/div>\n\n\n\n<div class=\"wp-block-columns alignwide has-3-columns is-layout-flex wp-container-core-columns-is-layout-9d6595d7 wp-block-columns-is-layout-flex\">\n<div class=\"wp-block-column is-layout-flow wp-block-column-is-layout-flow\">\n<div class=\"wp-block-citadela-blocks-service citadela-block-service main-holder layout-box header-type-none standard\"><div class=\"service-content\"><div class=\"service-content-wrap\"><h3 class=\"service-title\" style=\"color:#fc0637\">Llibertat<\/h3><p class=\"service-description\" style=\"color:#000000\"><strong>Reivindiquem un concepte de llibertat lligat a la responsabilitat c\u00edvica i al comprom\u00eds amb la societat.<\/strong> <strong>Una llibertat inseparable del comprom\u00eds amb la democr\u00e0cia.<\/strong><\/p><\/div><\/div><\/div>\n<\/div>\n\n\n\n<div class=\"wp-block-column is-layout-flow wp-block-column-is-layout-flow\">\n<div class=\"wp-block-citadela-blocks-service citadela-block-service main-holder layout-box header-type-none standard\"><div class=\"service-content\"><div class=\"service-content-wrap\"><h3 class=\"service-title\" style=\"color:#fd0505\">Just\u00edcia i igualtat<\/h3><p class=\"service-description\" style=\"color:#000000\"><strong> Ens proposem no nom\u00e9s garantir la igualtat d\u201foportunitats, sin\u00f3 crear una societat de les oportunitats per a tots i totes a partir de pol\u00edtiques actives d\u201figualtat.<\/strong><\/p><\/div><\/div><\/div>\n<\/div>\n\n\n\n<div class=\"wp-block-column is-layout-flow wp-block-column-is-layout-flow\">\n<div class=\"wp-block-citadela-blocks-service citadela-block-service main-holder layout-box header-type-none standard\"><div class=\"service-content\"><div class=\"service-content-wrap\"><h3 class=\"service-title\" style=\"color:#fd0404\">Solidaritat<\/h3><p class=\"service-description\" style=\"color:#000000\"><strong>Ens proposem donar sentit al concepte de societat com a redistribu\u00efdora de riqueses i oportunitats a tots els \u00e0mbits i nivells de l&#8217;administraci\u00f3 p\u00fablica.<\/strong><\/p><\/div><\/div><\/div>\n<\/div>\n<\/div>\n\n\n\n<div style=\"height:30px\" aria-hidden=\"true\" class=\"wp-block-spacer\"><\/div>\n<\/div><\/div>\n\n\n\n<div class=\"wp-block-citadela-blocks-custom-container citadela-block-custom-container size-content bg-type-color inside-space-none has-bg\" style=\"background-color:#f9f9f9\"><div class=\"inner-holder\">\n<div style=\"height:40px\" aria-hidden=\"true\" class=\"wp-block-spacer\"><\/div>\n\n\n\n<h2 class=\"wp-block-heading has-text-align-center\"><strong> Donem sentit als projectes municipals<\/strong><\/h2>\n\n\n\n<p class=\"has-text-align-center\"> Vivim un moment hist\u00f2ric on conviuen enormes possibilitats per donar resposta als vells problemes, amb nous interrogants, nous reptes i l&#8217;aparici\u00f3 de noves desigualtats. Per tant, cal actualitzar el socialisme democr\u00e0tic donant un sentit nou als nostres valors.<\/p>\n\n\n\n<div style=\"height:60px\" aria-hidden=\"true\" class=\"wp-block-spacer\"><\/div>\n\n\n\n<div class=\"wp-block-columns alignwide has-2-columns is-layout-flex wp-container-core-columns-is-layout-9d6595d7 wp-block-columns-is-layout-flex\">\n<div class=\"wp-block-column is-layout-flow wp-block-column-is-layout-flow\">\n<figure class=\"wp-block-image size-full\"><a href=\"https:\/\/pscsvh.com\/wp-content\/uploads\/2022\/04\/familia-1024x690-1.png\"><img loading=\"lazy\" decoding=\"async\" width=\"1024\" height=\"690\" src=\"https:\/\/pscsvh.com\/wp-content\/uploads\/2022\/04\/familia-1024x690-1.png\" alt=\"\" class=\"wp-image-1844\" srcset=\"https:\/\/pscsvh.com\/wp-content\/uploads\/2022\/04\/familia-1024x690-1.png 1024w, https:\/\/pscsvh.com\/wp-content\/uploads\/2022\/04\/familia-1024x690-1-300x202.png 300w, https:\/\/pscsvh.com\/wp-content\/uploads\/2022\/04\/familia-1024x690-1-768x518.png 768w\" sizes=\"auto, (max-width: 1024px) 100vw, 1024px\" \/><\/a><\/figure>\n\n\n\n<div style=\"height:3px\" aria-hidden=\"true\" class=\"wp-block-spacer\"><\/div>\n\n\n\n<h3 class=\"wp-block-heading\"><strong>Equip<\/strong><\/h3>\n\n\n\n<hr class=\"wp-block-separator has-css-opacity is-style-wide\"\/>\n\n\n\n<p>El nostre equip \u00e9s el reflex de l\u00b4\u00e0nima del nostre projecte, un projecte aglutinador, transversal i inclusiu. <\/p>\n\n\n\n<div class=\"wp-block-buttons is-layout-flex wp-block-buttons-is-layout-flex\">\n<div class=\"wp-block-button\"><a class=\"wp-block-button__link has-background wp-element-button\" href=\"https:\/\/pscsvh.com\/ca\/equip\/\" style=\"background-color:#e20a16\">Saber m\u00e9s<\/a><\/div>\n<\/div>\n\n\n\n<div style=\"height:20px\" aria-hidden=\"true\" class=\"wp-block-spacer\"><\/div>\n<\/div>\n\n\n\n<div class=\"wp-block-column is-layout-flow wp-block-column-is-layout-flow\">\n<figure class=\"wp-block-image size-full\"><a href=\"https:\/\/pscsvh.com\/wp-content\/uploads\/2022\/04\/proyectos.png\"><img loading=\"lazy\" decoding=\"async\" width=\"1024\" height=\"690\" src=\"https:\/\/pscsvh.com\/wp-content\/uploads\/2022\/04\/proyectos.png\" alt=\"\" class=\"wp-image-2020\" srcset=\"https:\/\/pscsvh.com\/wp-content\/uploads\/2022\/04\/proyectos.png 1024w, https:\/\/pscsvh.com\/wp-content\/uploads\/2022\/04\/proyectos-300x202.png 300w, https:\/\/pscsvh.com\/wp-content\/uploads\/2022\/04\/proyectos-768x518.png 768w\" sizes=\"auto, (max-width: 1024px) 100vw, 1024px\" \/><\/a><\/figure>\n\n\n\n<div style=\"height:3px\" aria-hidden=\"true\" class=\"wp-block-spacer\"><\/div>\n\n\n\n<h3 class=\"wp-block-heading\"><strong>Programa<\/strong><\/h3>\n\n\n\n<hr class=\"wp-block-separator has-css-opacity is-style-wide\"\/>\n\n\n\n<p> <\/p>\n\n\n\n<p>Volem que Sant Vicen\u00e7 dels Horts deixi de ser un poble dormitori i passi a ser una <strong>ciutat metropolitana, oberta, capdavantera, desacomplexada, que mira al futur amb optimisme i confian\u00e7a.<\/strong><\/p>\n\n\n\n<p>  <\/p>\n\n\n\n<div class=\"wp-block-buttons is-layout-flex wp-block-buttons-is-layout-flex\">\n<div class=\"wp-block-button\"><a class=\"wp-block-button__link has-background wp-element-button\" href=\"https:\/\/pscsvh.com\/ca\/programa\/\" style=\"background-color:#e20a16\">Saber m\u00e9s<\/a><\/div>\n<\/div>\n\n\n\n<div style=\"height:20px\" aria-hidden=\"true\" class=\"wp-block-spacer\"><\/div>\n<\/div>\n<\/div>\n\n\n\n<div class=\"wp-block-citadela-blocks-spacer citadela-block-spacer responsive-options loading hide-in-responsive\" data-block-attr=\"{\"desktop\":{\"height\":\"40px\"},\"mobile\":{\"height\":\"20px\"}}\" data-block-mobile-breakpoint=\"600\"><div class=\"inner-holder\" style=\"padding-top:40px\"><\/div><\/div>\n<\/div><\/div>\n\n\n\n<div style=\"height:80px\" aria-hidden=\"true\" class=\"wp-block-spacer\"><\/div>\n\n\n\n<h2 class=\"wp-block-heading has-text-align-center\"><strong>Principals inversions per a Sant Vicen\u00e7 2019<\/strong><\/h2>\n\n\n\n<p class=\"has-text-align-center\">Aquests tres anys no han estat f\u00e0cils, amb dos anys pr\u00e0cticament resolent les situacions derivades de la pand\u00e8mia, en qu\u00e8 les persones sempre han estat el centre de lacci\u00f3 pol\u00edtica. Seguirem impulsant la ciutat cap al futur!<\/p>\n\n\n\n<div style=\"height:40px\" aria-hidden=\"true\" class=\"wp-block-spacer\"><\/div>\n\n\n\n<div class=\"wp-block-columns is-layout-flex wp-container-core-columns-is-layout-9d6595d7 wp-block-columns-is-layout-flex\">\n<div class=\"wp-block-column is-layout-flow wp-block-column-is-layout-flow\">\n<h4 class=\"wp-block-heading\">Tercera fase del Barri de la Vinyala<\/h4>\n\n\n\n<figure class=\"wp-block-image size-full\"><a href=\"https:\/\/pscsvh.com\/wp-content\/uploads\/2022\/04\/001.jpg\"><img loading=\"lazy\" decoding=\"async\" width=\"700\" height=\"876\" src=\"https:\/\/pscsvh.com\/wp-content\/uploads\/2022\/04\/001.jpg\" alt=\"\" class=\"wp-image-1877\" srcset=\"https:\/\/pscsvh.com\/wp-content\/uploads\/2022\/04\/001.jpg 700w, https:\/\/pscsvh.com\/wp-content\/uploads\/2022\/04\/001-240x300.jpg 240w\" sizes=\"auto, (max-width: 700px) 100vw, 700px\" \/><\/a><figcaption class=\"wp-element-caption\">Fase que va quedar pendent a la darrera reforma<\/figcaption><\/figure>\n<\/div>\n\n\n\n<div class=\"wp-block-column is-layout-flow wp-block-column-is-layout-flow\">\n<h4 class=\"wp-block-heading\">Escales mec\u00e0niques de Sant Josep<\/h4>\n\n\n\n<figure class=\"wp-block-image size-full\"><a href=\"https:\/\/pscsvh.com\/wp-content\/uploads\/2022\/04\/002.jpg\"><img loading=\"lazy\" decoding=\"async\" width=\"700\" height=\"875\" src=\"https:\/\/pscsvh.com\/wp-content\/uploads\/2022\/04\/002.jpg\" alt=\"\" class=\"wp-image-1875\" srcset=\"https:\/\/pscsvh.com\/wp-content\/uploads\/2022\/04\/002.jpg 700w, https:\/\/pscsvh.com\/wp-content\/uploads\/2022\/04\/002-240x300.jpg 240w\" sizes=\"auto, (max-width: 700px) 100vw, 700px\" \/><\/a><figcaption class=\"wp-element-caption\">El primer tram ser\u00e0 al carrer Benicarl\u00f3<\/figcaption><\/figure>\n<\/div>\n\n\n\n<div class=\"wp-block-column is-layout-flow wp-block-column-is-layout-flow\">\n<h4 class=\"wp-block-heading\">Urbanitzaci\u00f3 del carrer Comer\u00e7<\/h4>\n\n\n\n<figure class=\"wp-block-image size-full\"><a href=\"https:\/\/pscsvh.com\/wp-content\/uploads\/2022\/04\/003.jpg\"><img loading=\"lazy\" decoding=\"async\" width=\"700\" height=\"875\" src=\"https:\/\/pscsvh.com\/wp-content\/uploads\/2022\/04\/003.jpg\" alt=\"\" class=\"wp-image-1879\" srcset=\"https:\/\/pscsvh.com\/wp-content\/uploads\/2022\/04\/003.jpg 700w, https:\/\/pscsvh.com\/wp-content\/uploads\/2022\/04\/003-240x300.jpg 240w\" sizes=\"auto, (max-width: 700px) 100vw, 700px\" \/><\/a><figcaption class=\"wp-element-caption\">Ordenar el carrer i solucionar un problema de fa molts anys.<\/figcaption><\/figure>\n<\/div>\n<\/div>\n\n\n\n<div class=\"wp-block-columns is-layout-flex wp-container-core-columns-is-layout-9d6595d7 wp-block-columns-is-layout-flex\">\n<div class=\"wp-block-column is-layout-flow wp-block-column-is-layout-flow\">\n<h4 class=\"wp-block-heading\">Sincronitzaci\u00f3 semaf\u00f2rica BV-2002<\/h4>\n\n\n\n<figure class=\"wp-block-image size-full\"><a href=\"https:\/\/pscsvh.com\/wp-content\/uploads\/2022\/04\/004.jpg\"><img loading=\"lazy\" decoding=\"async\" width=\"700\" height=\"874\" src=\"https:\/\/pscsvh.com\/wp-content\/uploads\/2022\/04\/004.jpg\" alt=\"\" class=\"wp-image-1881\" srcset=\"https:\/\/pscsvh.com\/wp-content\/uploads\/2022\/04\/004.jpg 700w, https:\/\/pscsvh.com\/wp-content\/uploads\/2022\/04\/004-240x300.jpg 240w\" sizes=\"auto, (max-width: 700px) 100vw, 700px\" \/><\/a><figcaption class=\"wp-element-caption\">Agilitzar el tr\u00e0nsit per la carretera de Sant Boi per millorar la circulaci\u00f3.<\/figcaption><\/figure>\n<\/div>\n\n\n\n<div class=\"wp-block-column is-layout-flow wp-block-column-is-layout-flow\">\n<h4 class=\"wp-block-heading\">Vianants del carrer Barcelona<\/h4>\n\n\n\n<figure class=\"wp-block-image size-large\"><a href=\"https:\/\/pscsvh.com\/wp-content\/uploads\/2022\/05\/Carrer-Barcelona.jpg\"><img loading=\"lazy\" decoding=\"async\" width=\"820\" height=\"1024\" src=\"https:\/\/pscsvh.com\/wp-content\/uploads\/2022\/05\/Carrer-Barcelona-820x1024.jpg\" alt=\"\" class=\"wp-image-2331\" srcset=\"https:\/\/pscsvh.com\/wp-content\/uploads\/2022\/05\/Carrer-Barcelona-820x1024.jpg 820w, https:\/\/pscsvh.com\/wp-content\/uploads\/2022\/05\/Carrer-Barcelona-240x300.jpg 240w, https:\/\/pscsvh.com\/wp-content\/uploads\/2022\/05\/Carrer-Barcelona-768x959.jpg 768w, https:\/\/pscsvh.com\/wp-content\/uploads\/2022\/05\/Carrer-Barcelona-1230x1536.jpg 1230w, https:\/\/pscsvh.com\/wp-content\/uploads\/2022\/05\/Carrer-Barcelona.jpg 1440w\" sizes=\"auto, (max-width: 820px) 100vw, 820px\" \/><\/a><figcaption class=\"wp-element-caption\">Transformar aquest tram per afavorir les persones i el comer\u00e7 local<\/figcaption><\/figure>\n<\/div>\n\n\n\n<div class=\"wp-block-column is-layout-flow wp-block-column-is-layout-flow\">\n<h4 class=\"wp-block-heading\">Obres Pol\u00edgon de les Fallulles<\/h4>\n\n\n\n<figure class=\"wp-block-image size-full\"><a href=\"https:\/\/pscsvh.com\/wp-content\/uploads\/2022\/04\/005-1.jpg\"><img loading=\"lazy\" decoding=\"async\" width=\"700\" height=\"875\" src=\"https:\/\/pscsvh.com\/wp-content\/uploads\/2022\/04\/005-1.jpg\" alt=\"\" class=\"wp-image-1885\" srcset=\"https:\/\/pscsvh.com\/wp-content\/uploads\/2022\/04\/005-1.jpg 700w, https:\/\/pscsvh.com\/wp-content\/uploads\/2022\/04\/005-1-240x300.jpg 240w\" sizes=\"auto, (max-width: 700px) 100vw, 700px\" \/><\/a><figcaption class=\"wp-element-caption\">Les obres del Cam\u00ed de Can Ubach ja han comen\u00e7at i avancen a bon ritme.<\/figcaption><\/figure>\n<\/div>\n<\/div>\n","protected":false},"excerpt":{"rendered":"<p>Principals inversions per a Sant Vicen\u00e7 2019 Aquests tres anys no han estat f\u00e0cils, amb dos anys pr\u00e0cticament resolent les situacions derivades de la pand\u00e8mia, en qu\u00e8 les persones sempre han estat el centre de lacci\u00f3 pol\u00edtica. Seguirem impulsant la ciutat cap al futur! Tercera fase del Barri de la Vinyala Escales mec\u00e0niques de Sant [&hellip;]<\/p>\n","protected":false},"author":1,"featured_media":0,"parent":0,"menu_order":0,"comment_status":"closed","ping_status":"closed","template":"","meta":{"_citadela_hide_page_title":"1","_citadela_remove_header_space":"1","_citadela_custom_class":"","_citadela_half_map_provider":"","_citadela_half_map_theme":"","_citadela_half_map_themeOSM":"","_citadela_half_map_customTheme":"","_citadela_half_map_dataType":"","_citadela_half_map_dynamicTrack":false,"_citadela_half_map_trackColor":"","_citadela_half_map_trackEndpointsColor":"","_citadela_half_map_filterCategory":"","_citadela_half_map_filterLocation":"","_citadela_half_map_filterFeatured":false,"_citadela_half_map_noDataBehavior":"empty-map","_citadela_half_map_noDataText":"","_citadela_half_map_clusterGridSize":80,"_citadela_header":false,"_citadela_header_over_content":false,"_citadela_header_text_color":"","_citadela_header_logo":[],"_citadela_header_bg_image":[],"_citadela_header_bg_position":{"x":0.5,"y":0.5},"_citadela_header_bg_size":"cover","_citadela_header_bg_repeat":"no-repeat","_citadela_header_bg_fixed":false,"_citadela_header_bg_color":"","_citadela_header_bg_image_overlay":"","_citadela_header_transparent_bg":false,"_citadela_content_width":"","_citadela_half_layout_position":"","footnotes":""},"class_list":["post-1798","page","type-page","status-publish","hentry"],"yoast_head":"<!-- This site is optimized with the Yoast SEO plugin v24.7 - https:\/\/yoast.com\/wordpress\/plugins\/seo\/ -->\n<title>Inici - PSC SVH<\/title>\n<meta name=\"robots\" content=\"index, follow, max-snippet:-1, max-image-preview:large, max-video-preview:-1\" \/>\n<link rel=\"canonical\" href=\"https:\/\/pscsvh.com\/ca\/\" \/>\n<meta property=\"og:locale\" content=\"ca_ES\" \/>\n<meta property=\"og:type\" content=\"article\" \/>\n<meta property=\"og:title\" content=\"Inici - PSC SVH\" \/>\n<meta property=\"og:description\" content=\"Principals inversions per a Sant Vicen\u00e7 2019 Aquests tres anys no han estat f\u00e0cils, amb dos anys pr\u00e0cticament resolent les situacions derivades de la pand\u00e8mia, en qu\u00e8 les persones sempre han estat el centre de lacci\u00f3 pol\u00edtica. Seguirem impulsant la ciutat cap al futur! Tercera fase del Barri de la Vinyala Escales mec\u00e0niques de Sant [&hellip;]\" \/>\n<meta property=\"og:url\" content=\"https:\/\/pscsvh.com\/ca\/\" \/>\n<meta property=\"og:site_name\" content=\"PSC SVH\" \/>\n<meta property=\"article:modified_time\" content=\"2023-04-22T08:32:15+00:00\" \/>\n<meta property=\"og:image\" content=\"https:\/\/pscsvh.com\/wp-content\/uploads\/2023\/04\/338889753_961550095013838_8797781347978849485_n-1024x1024.jpg\" \/>\n<meta name=\"twitter:card\" content=\"summary_large_image\" \/>\n<meta name=\"twitter:label1\" content=\"Temps estimat de lectura\" \/>\n\t<meta name=\"twitter:data1\" content=\"4 minuts\" \/>\n<script type=\"application\/ld+json\" class=\"yoast-schema-graph\">{\"@context\":\"https:\/\/schema.org\",\"@graph\":[{\"@type\":\"WebPage\",\"@id\":\"https:\/\/pscsvh.com\/ca\/\",\"url\":\"https:\/\/pscsvh.com\/ca\/\",\"name\":\"Inici - PSC SVH\",\"isPartOf\":{\"@id\":\"https:\/\/pscsvh.com\/ca\/#website\"},\"primaryImageOfPage\":{\"@id\":\"https:\/\/pscsvh.com\/ca\/#primaryimage\"},\"image\":{\"@id\":\"https:\/\/pscsvh.com\/ca\/#primaryimage\"},\"thumbnailUrl\":\"https:\/\/pscsvh.com\/wp-content\/uploads\/2023\/04\/338889753_961550095013838_8797781347978849485_n-1024x1024.jpg\",\"datePublished\":\"2022-01-12T05:55:00+00:00\",\"dateModified\":\"2023-04-22T08:32:15+00:00\",\"breadcrumb\":{\"@id\":\"https:\/\/pscsvh.com\/ca\/#breadcrumb\"},\"inLanguage\":\"ca\",\"potentialAction\":[{\"@type\":\"ReadAction\",\"target\":[\"https:\/\/pscsvh.com\/ca\/\"]}]},{\"@type\":\"ImageObject\",\"inLanguage\":\"ca\",\"@id\":\"https:\/\/pscsvh.com\/ca\/#primaryimage\",\"url\":\"https:\/\/pscsvh.com\/wp-content\/uploads\/2023\/04\/338889753_961550095013838_8797781347978849485_n-1024x1024.jpg\",\"contentUrl\":\"https:\/\/pscsvh.com\/wp-content\/uploads\/2023\/04\/338889753_961550095013838_8797781347978849485_n-1024x1024.jpg\"},{\"@type\":\"BreadcrumbList\",\"@id\":\"https:\/\/pscsvh.com\/ca\/#breadcrumb\",\"itemListElement\":[{\"@type\":\"ListItem\",\"position\":1,\"name\":\"Portada\",\"item\":\"https:\/\/pscsvh.com\/ca\/\"},{\"@type\":\"ListItem\",\"position\":2,\"name\":\"Inici\"}]},{\"@type\":\"WebSite\",\"@id\":\"https:\/\/pscsvh.com\/ca\/#website\",\"url\":\"https:\/\/pscsvh.com\/ca\/\",\"name\":\"PSC SVH\",\"description\":\"El cambio que suma\",\"publisher\":{\"@id\":\"https:\/\/pscsvh.com\/ca\/#organization\"},\"potentialAction\":[{\"@type\":\"SearchAction\",\"target\":{\"@type\":\"EntryPoint\",\"urlTemplate\":\"https:\/\/pscsvh.com\/ca\/?s={search_term_string}\"},\"query-input\":{\"@type\":\"PropertyValueSpecification\",\"valueRequired\":true,\"valueName\":\"search_term_string\"}}],\"inLanguage\":\"ca\"},{\"@type\":\"Organization\",\"@id\":\"https:\/\/pscsvh.com\/ca\/#organization\",\"name\":\"PSC SVH\",\"url\":\"https:\/\/pscsvh.com\/ca\/\",\"logo\":{\"@type\":\"ImageObject\",\"inLanguage\":\"ca\",\"@id\":\"https:\/\/pscsvh.com\/ca\/#\/schema\/logo\/image\/\",\"url\":\"https:\/\/pscsvh.com\/wp-content\/uploads\/2022\/06\/cropped-Logo_SVh2-300x158-1.png\",\"contentUrl\":\"https:\/\/pscsvh.com\/wp-content\/uploads\/2022\/06\/cropped-Logo_SVh2-300x158-1.png\",\"width\":300,\"height\":158,\"caption\":\"PSC SVH\"},\"image\":{\"@id\":\"https:\/\/pscsvh.com\/ca\/#\/schema\/logo\/image\/\"}}]}<\/script>\n<!-- \/ Yoast SEO plugin. -->","yoast_head_json":{"title":"Inici - PSC SVH","robots":{"index":"index","follow":"follow","max-snippet":"max-snippet:-1","max-image-preview":"max-image-preview:large","max-video-preview":"max-video-preview:-1"},"canonical":"https:\/\/pscsvh.com\/ca\/","og_locale":"ca_ES","og_type":"article","og_title":"Inici - PSC SVH","og_description":"Principals inversions per a Sant Vicen\u00e7 2019 Aquests tres anys no han estat f\u00e0cils, amb dos anys pr\u00e0cticament resolent les situacions derivades de la pand\u00e8mia, en qu\u00e8 les persones sempre han estat el centre de lacci\u00f3 pol\u00edtica. Seguirem impulsant la ciutat cap al futur! Tercera fase del Barri de la Vinyala Escales mec\u00e0niques de Sant [&hellip;]","og_url":"https:\/\/pscsvh.com\/ca\/","og_site_name":"PSC SVH","article_modified_time":"2023-04-22T08:32:15+00:00","og_image":[{"url":"https:\/\/pscsvh.com\/wp-content\/uploads\/2023\/04\/338889753_961550095013838_8797781347978849485_n-1024x1024.jpg","type":"","width":"","height":""}],"twitter_card":"summary_large_image","twitter_misc":{"Temps estimat de lectura":"4 minuts"},"schema":{"@context":"https:\/\/schema.org","@graph":[{"@type":"WebPage","@id":"https:\/\/pscsvh.com\/ca\/","url":"https:\/\/pscsvh.com\/ca\/","name":"Inici - PSC SVH","isPartOf":{"@id":"https:\/\/pscsvh.com\/ca\/#website"},"primaryImageOfPage":{"@id":"https:\/\/pscsvh.com\/ca\/#primaryimage"},"image":{"@id":"https:\/\/pscsvh.com\/ca\/#primaryimage"},"thumbnailUrl":"https:\/\/pscsvh.com\/wp-content\/uploads\/2023\/04\/338889753_961550095013838_8797781347978849485_n-1024x1024.jpg","datePublished":"2022-01-12T05:55:00+00:00","dateModified":"2023-04-22T08:32:15+00:00","breadcrumb":{"@id":"https:\/\/pscsvh.com\/ca\/#breadcrumb"},"inLanguage":"ca","potentialAction":[{"@type":"ReadAction","target":["https:\/\/pscsvh.com\/ca\/"]}]},{"@type":"ImageObject","inLanguage":"ca","@id":"https:\/\/pscsvh.com\/ca\/#primaryimage","url":"https:\/\/pscsvh.com\/wp-content\/uploads\/2023\/04\/338889753_961550095013838_8797781347978849485_n-1024x1024.jpg","contentUrl":"https:\/\/pscsvh.com\/wp-content\/uploads\/2023\/04\/338889753_961550095013838_8797781347978849485_n-1024x1024.jpg"},{"@type":"BreadcrumbList","@id":"https:\/\/pscsvh.com\/ca\/#breadcrumb","itemListElement":[{"@type":"ListItem","position":1,"name":"Portada","item":"https:\/\/pscsvh.com\/ca\/"},{"@type":"ListItem","position":2,"name":"Inici"}]},{"@type":"WebSite","@id":"https:\/\/pscsvh.com\/ca\/#website","url":"https:\/\/pscsvh.com\/ca\/","name":"PSC SVH","description":"El cambio que suma","publisher":{"@id":"https:\/\/pscsvh.com\/ca\/#organization"},"potentialAction":[{"@type":"SearchAction","target":{"@type":"EntryPoint","urlTemplate":"https:\/\/pscsvh.com\/ca\/?s={search_term_string}"},"query-input":{"@type":"PropertyValueSpecification","valueRequired":true,"valueName":"search_term_string"}}],"inLanguage":"ca"},{"@type":"Organization","@id":"https:\/\/pscsvh.com\/ca\/#organization","name":"PSC SVH","url":"https:\/\/pscsvh.com\/ca\/","logo":{"@type":"ImageObject","inLanguage":"ca","@id":"https:\/\/pscsvh.com\/ca\/#\/schema\/logo\/image\/","url":"https:\/\/pscsvh.com\/wp-content\/uploads\/2022\/06\/cropped-Logo_SVh2-300x158-1.png","contentUrl":"https:\/\/pscsvh.com\/wp-content\/uploads\/2022\/06\/cropped-Logo_SVh2-300x158-1.png","width":300,"height":158,"caption":"PSC SVH"},"image":{"@id":"https:\/\/pscsvh.com\/ca\/#\/schema\/logo\/image\/"}}]}},"_links":{"self":[{"href":"https:\/\/pscsvh.com\/ca\/wp-json\/wp\/v2\/pages\/1798","targetHints":{"allow":["GET"]}}],"collection":[{"href":"https:\/\/pscsvh.com\/ca\/wp-json\/wp\/v2\/pages"}],"about":[{"href":"https:\/\/pscsvh.com\/ca\/wp-json\/wp\/v2\/types\/page"}],"author":[{"embeddable":true,"href":"https:\/\/pscsvh.com\/ca\/wp-json\/wp\/v2\/users\/1"}],"replies":[{"embeddable":true,"href":"https:\/\/pscsvh.com\/ca\/wp-json\/wp\/v2\/comments?post=1798"}],"version-history":[{"count":10,"href":"https:\/\/pscsvh.com\/ca\/wp-json\/wp\/v2\/pages\/1798\/revisions"}],"predecessor-version":[{"id":5794,"href":"https:\/\/pscsvh.com\/ca\/wp-json\/wp\/v2\/pages\/1798\/revisions\/5794"}],"wp:attachment":[{"href":"https:\/\/pscsvh.com\/ca\/wp-json\/wp\/v2\/media?parent=1798"}],"curies":[{"name":"wp","href":"https:\/\/api.w.org\/{rel}","templated":true}]}}